{"id":2075,"date":"2020-08-24T17:14:11","date_gmt":"2020-08-24T20:14:11","guid":{"rendered":"https:\/\/cmbsas-caba.infd.edu.ar\/sitio\/?page_id=2075"},"modified":"2024-02-20T19:16:57","modified_gmt":"2024-02-20T22:16:57","slug":"2-jornadas-de-musica-y-genero","status":"publish","type":"page","link":"https:\/\/cmbsas-caba.infd.edu.ar\/sitio\/extension\/jornadas\/2-jornadas-de-musica-y-genero\/","title":{"rendered":"2\u00ba Jornadas de M\u00fasica y G\u00e9nero"},"content":{"rendered":"<h2><strong>\u201cAvances y desaf\u00edos en el campo profesional \u201c<\/strong><\/h2>\n<h6>El <strong>Ministerio de Cultura<\/strong>, junto al <strong>Conservatorio Superior de M\u00fasica de la Ciudad de Buenos Aires&nbsp; \u00c1stor Piazzolla<\/strong> de la <strong>Direcci\u00f3n General de Ense\u00f1anza Art\u00edstica<\/strong>, presentan las <strong>II Jornadas de M\u00fasica y G\u00e9nero <\/strong>bajo el lema<strong> \u201cAvances y Desaf\u00edos en el Campo Profesional\u201d.<\/strong><\/h6>\n<h6>Las Jornadas tienen&nbsp; como objetivo principal destacar la importancia de la perspectiva de g\u00e9nero en todos los \u00e1mbitos profesionales de la actividad musical. Proponen generar una mirada cr\u00edtica sobre los roles de g\u00e9nero que operan en el sistema del arte musical, de manera espec\u00edfica y c\u00f3mo \u00e9stos impactan sobre el campo profesional haciendo hincapi\u00e9 sobre la necesidad de deconstrucci\u00f3n y la puesta en valor de las disidencias.<\/h6>\n<h6>&nbsp;En este marco se considera fundamental atender a la mirada de quienes participan en actividades profesionales, teniendo en cuenta las inquietudes de la comunidad educativa y los espacios de formaci\u00f3n.<\/h6>\n<h6>&nbsp;En funci\u00f3n del cumplimiento de estos objetivos, estas acciones analizar\u00e1n el estado de situaci\u00f3n actual de los espacios profesionales, su historia y el camino que a\u00fan queda por recorrer, a partir de las investigaciones realizadas y las experiencias de numerosas referentes de las distintas \u00e1reas a trav\u00e9s de ponencias, conversatorios y mesas de intercambio.<\/h6>\n<h6>Las Jornadas cuentan con el auspicio de Radio Nacional Cl\u00e1sica, Foro Argentino de Compositoras, UNACOM (Uni\u00f3n Argentina de Compositoras), Red Multisonora, MyGLA (M\u00fasicas y G\u00e9nero &#8211; Grupo de Estudios Latinoamericanos -UNLP-), Equipo de Antropolog\u00eda del cuerpo y la performance, Red de y desde los cuerpos, M\u00fasicos Sin Fronteras, FUNDECUA (Fundaci\u00f3n para el Desarrollo, la Cultura y el Arte), Universidad Nacional de las Artes, CUDA (Compositores Unidos de la Argentina), DAMus y Asociaci\u00f3n Argentina de Compositores<\/h6>\n<h6><strong>\u00bfCu\u00e1ndo?:<\/strong><\/h6>\n<h6>Todos los mi\u00e9rcoles se septiembre a partir de las 16 h.<\/h6>\n<h6><strong>\u00bfC\u00f3mo?:<\/strong><\/h6>\n<h6>Se realizar\u00e1n en la plataforma zoom con transmisi\u00f3n online por el <a href=\"https:\/\/www.youtube.com\/channel\/UCn5uu8oG0GhGQ2-RdcCkeeA\/featured\">YouTube<\/a> y <a href=\"https:\/\/www.facebook.com\/conservatorioastorpiazzolla\">F<\/a><a href=\"https:\/\/www.facebook.com\/conservatorioastorpiazzolla\">acebook<\/a> del Conservatorio \u00c1stor Piazzolla con acceso libre y gratuito.<\/h6>\n<h6><strong>Contacto:<\/strong><\/h6>\n<h6><a href=\"mailto:conservatorio_piazzolla@buenosaires.gob.ar\">conservatorio_piazzolla@buenosaires.gob.ar<\/a><\/h6>\n<h2 style=\"text-align: center;\"><a href=\"https:\/\/cmbsas-caba.infd.edu.ar\/sitio\/programa-2o-jornadas-de-musica-y-genero\/\"><span style=\"color: #800080;\"><strong>VER PROGRAMA COMPLETO<\/strong><\/span><\/a><\/h2>\n<p>&nbsp;<\/p>\n<h4>Inscripciones para aquellos que quieran obtener certificado de asistencia <a href=\"https:\/\/forms.gle\/MqDtSxCssRyGmwfL6\">AQUI<\/a><\/h4>\n<h4><\/h4>\n<h4>&#8212;<\/h4>\n<h6><strong>Organiza:<\/strong> Conservatorio Superior de M\u00fasica \u00c1stor Piazzolla<\/h6>\n<h6>Direcci\u00f3n General de Ense\u00f1anza Art\u00edstica<\/h6>\n<h6>&nbsp;&nbsp;&nbsp;&nbsp;&nbsp;&nbsp;&nbsp;&nbsp;&nbsp;&nbsp;&nbsp;&nbsp;&nbsp;&nbsp;&nbsp; Subsecretar\u00eda de Pol\u00edticas Culturales y Nuevas Audiencias<\/h6>\n<h6>&nbsp;&nbsp;&nbsp;&nbsp;&nbsp;&nbsp;&nbsp;&nbsp;&nbsp;&nbsp;&nbsp;&nbsp;&nbsp;&nbsp;&nbsp; Ministerio de Cultura \u2013 GCBA<\/h6>\n<h6>Coordinaci\u00f3n general: Lic. Alicia De Couve y Lic.&nbsp; Marina Calzado Linage<\/h6>\n<h6>Coordinaci\u00f3n&nbsp; \u00e1rea musicol\u00f3gica: Lic. Adriana Cerletti.<\/h6>\n<h6>Coordinaci\u00f3n t\u00e9cnica: Constanza Legname<\/h6>\n<h6>Colaboradoras: Constanza Sanchez&nbsp; y Brenda Berstein<\/h6>\n<h4>&#8212;<\/h4>\n<div id='gallery-1' class='gallery galleryid-2075 gallery-columns-9 gallery-size-medium'><figure class='gallery-item'>\n\t\t\t<div class='gallery-icon landscape'>\n\t\t\t\t<a href='https:\/\/cmbsas-caba.infd.edu.ar\/sitio\/extension\/jornadas\/2-jornadas-de-musica-y-genero\/damus\/#main'><img width=\"780\" height=\"417\" src=\"https:\/\/cmbsas-caba.infd.edu.ar\/sitio\/wp-content\/uploads\/2020\/08\/damus.png\" class=\"attachment-medium size-medium\" alt=\"\" decoding=\"async\" loading=\"lazy\" srcset=\"https:\/\/cmbsas-caba.infd.edu.ar\/sitio\/wp-content\/uploads\/2020\/08\/damus.png 780w, https:\/\/cmbsas-caba.infd.edu.ar\/sitio\/wp-content\/uploads\/2020\/08\/damus-768x411.png 768w\" sizes=\"(max-width: 780px) 100vw, 780px\" \/><\/a>\n\t\t\t<\/div><\/figure><figure class='gallery-item'>\n\t\t\t<div class='gallery-icon portrait'>\n\t\t\t\t<a href='https:\/\/cmbsas-caba.infd.edu.ar\/sitio\/extension\/jornadas\/2-jornadas-de-musica-y-genero\/deydesdelos-cuerpos\/#main'><img width=\"988\" height=\"1000\" src=\"https:\/\/cmbsas-caba.infd.edu.ar\/sitio\/wp-content\/uploads\/2020\/08\/deydesdelos-cuerpos-988x1000.png\" class=\"attachment-medium size-medium\" alt=\"\" decoding=\"async\" loading=\"lazy\" srcset=\"https:\/\/cmbsas-caba.infd.edu.ar\/sitio\/wp-content\/uploads\/2020\/08\/deydesdelos-cuerpos-988x1000.png 988w, https:\/\/cmbsas-caba.infd.edu.ar\/sitio\/wp-content\/uploads\/2020\/08\/deydesdelos-cuerpos-768x777.png 768w, https:\/\/cmbsas-caba.infd.edu.ar\/sitio\/wp-content\/uploads\/2020\/08\/deydesdelos-cuerpos.png 1024w\" sizes=\"(max-width: 988px) 100vw, 988px\" \/><\/a>\n\t\t\t<\/div><\/figure><figure class='gallery-item'>\n\t\t\t<div class='gallery-icon landscape'>\n\t\t\t\t<a href='https:\/\/cmbsas-caba.infd.edu.ar\/sitio\/extension\/jornadas\/2-jornadas-de-musica-y-genero\/foro-argentino-de-compositoras-logo-institucional\/#main'><img width=\"281\" height=\"219\" src=\"https:\/\/cmbsas-caba.infd.edu.ar\/sitio\/wp-content\/uploads\/2020\/08\/Foro-Argentino-de-Compositoras-LOGO-INSTITUCIONAL.jpg\" class=\"attachment-medium size-medium\" alt=\"\" decoding=\"async\" loading=\"lazy\" \/><\/a>\n\t\t\t<\/div><\/figure><figure class='gallery-item'>\n\t\t\t<div class='gallery-icon landscape'>\n\t\t\t\t<a href='https:\/\/cmbsas-caba.infd.edu.ar\/sitio\/extension\/jornadas\/2-jornadas-de-musica-y-genero\/logo-aac-fondo-transparente\/#main'><img width=\"600\" height=\"366\" src=\"https:\/\/cmbsas-caba.infd.edu.ar\/sitio\/wp-content\/uploads\/2020\/08\/logo-AAC-fondo-transparente.png\" class=\"attachment-medium size-medium\" alt=\"\" decoding=\"async\" loading=\"lazy\" \/><\/a>\n\t\t\t<\/div><\/figure><figure class='gallery-item'>\n\t\t\t<div class='gallery-icon landscape'>\n\t\t\t\t<a href='https:\/\/cmbsas-caba.infd.edu.ar\/sitio\/extension\/jornadas\/2-jornadas-de-musica-y-genero\/logo-fm-clasica-tranparente\/#main'><img width=\"1000\" height=\"1000\" src=\"https:\/\/cmbsas-caba.infd.edu.ar\/sitio\/wp-content\/uploads\/2020\/08\/logo-fm-clasica-tranparente-1000x1000.png\" class=\"attachment-medium size-medium\" alt=\"\" decoding=\"async\" loading=\"lazy\" srcset=\"https:\/\/cmbsas-caba.infd.edu.ar\/sitio\/wp-content\/uploads\/2020\/08\/logo-fm-clasica-tranparente-1000x1000.png 1000w, https:\/\/cmbsas-caba.infd.edu.ar\/sitio\/wp-content\/uploads\/2020\/08\/logo-fm-clasica-tranparente-500x500.png 500w, https:\/\/cmbsas-caba.infd.edu.ar\/sitio\/wp-content\/uploads\/2020\/08\/logo-fm-clasica-tranparente-768x768.png 768w, https:\/\/cmbsas-caba.infd.edu.ar\/sitio\/wp-content\/uploads\/2020\/08\/logo-fm-clasica-tranparente.png 1628w\" sizes=\"(max-width: 1000px) 100vw, 1000px\" \/><\/a>\n\t\t\t<\/div><\/figure><figure class='gallery-item'>\n\t\t\t<div class='gallery-icon landscape'>\n\t\t\t\t<a href='https:\/\/cmbsas-caba.infd.edu.ar\/sitio\/extension\/jornadas\/2-jornadas-de-musica-y-genero\/logo-msf\/#main'><img width=\"567\" height=\"560\" src=\"https:\/\/cmbsas-caba.infd.edu.ar\/sitio\/wp-content\/uploads\/2020\/08\/LOGO-MSF.jpg\" class=\"attachment-medium size-medium\" alt=\"\" decoding=\"async\" loading=\"lazy\" \/><\/a>\n\t\t\t<\/div><\/figure><figure class='gallery-item'>\n\t\t\t<div class='gallery-icon landscape'>\n\t\t\t\t<a href='https:\/\/cmbsas-caba.infd.edu.ar\/sitio\/extension\/jornadas\/2-jornadas-de-musica-y-genero\/logo-unacom\/#main'><img width=\"1000\" height=\"1000\" src=\"https:\/\/cmbsas-caba.infd.edu.ar\/sitio\/wp-content\/uploads\/2020\/08\/logo-UNACOM-1000x1000.jpg\" class=\"attachment-medium size-medium\" alt=\"\" decoding=\"async\" loading=\"lazy\" srcset=\"https:\/\/cmbsas-caba.infd.edu.ar\/sitio\/wp-content\/uploads\/2020\/08\/logo-UNACOM-1000x1000.jpg 1000w, https:\/\/cmbsas-caba.infd.edu.ar\/sitio\/wp-content\/uploads\/2020\/08\/logo-UNACOM-500x500.jpg 500w, https:\/\/cmbsas-caba.infd.edu.ar\/sitio\/wp-content\/uploads\/2020\/08\/logo-UNACOM-768x768.jpg 768w, https:\/\/cmbsas-caba.infd.edu.ar\/sitio\/wp-content\/uploads\/2020\/08\/logo-UNACOM.jpg 1638w\" sizes=\"(max-width: 1000px) 100vw, 1000px\" \/><\/a>\n\t\t\t<\/div><\/figure><figure class='gallery-item'>\n\t\t\t<div class='gallery-icon landscape'>\n\t\t\t\t<a href='https:\/\/cmbsas-caba.infd.edu.ar\/sitio\/extension\/jornadas\/2-jornadas-de-musica-y-genero\/logo_mygla_solo-letras\/#main'><img width=\"1000\" height=\"1000\" src=\"https:\/\/cmbsas-caba.infd.edu.ar\/sitio\/wp-content\/uploads\/2020\/08\/logo_mygla_solo-letras-1000x1000.png\" class=\"attachment-medium size-medium\" alt=\"\" decoding=\"async\" loading=\"lazy\" srcset=\"https:\/\/cmbsas-caba.infd.edu.ar\/sitio\/wp-content\/uploads\/2020\/08\/logo_mygla_solo-letras-1000x1000.png 1000w, https:\/\/cmbsas-caba.infd.edu.ar\/sitio\/wp-content\/uploads\/2020\/08\/logo_mygla_solo-letras-500x500.png 500w, https:\/\/cmbsas-caba.infd.edu.ar\/sitio\/wp-content\/uploads\/2020\/08\/logo_mygla_solo-letras-768x768.png 768w, https:\/\/cmbsas-caba.infd.edu.ar\/sitio\/wp-content\/uploads\/2020\/08\/logo_mygla_solo-letras.png 1042w\" sizes=\"(max-width: 1000px) 100vw, 1000px\" \/><\/a>\n\t\t\t<\/div><\/figure><figure class='gallery-item'>\n\t\t\t<div class='gallery-icon landscape'>\n\t\t\t\t<a href='https:\/\/cmbsas-caba.infd.edu.ar\/sitio\/extension\/jornadas\/2-jornadas-de-musica-y-genero\/logo-antropologia-azul\/#main'><img width=\"1000\" height=\"313\" src=\"https:\/\/cmbsas-caba.infd.edu.ar\/sitio\/wp-content\/uploads\/2020\/08\/Logo-Antropologia-azul-1000x313.png\" class=\"attachment-medium size-medium\" alt=\"\" decoding=\"async\" loading=\"lazy\" srcset=\"https:\/\/cmbsas-caba.infd.edu.ar\/sitio\/wp-content\/uploads\/2020\/08\/Logo-Antropologia-azul-1000x313.png 1000w, https:\/\/cmbsas-caba.infd.edu.ar\/sitio\/wp-content\/uploads\/2020\/08\/Logo-Antropologia-azul-768x241.png 768w, https:\/\/cmbsas-caba.infd.edu.ar\/sitio\/wp-content\/uploads\/2020\/08\/Logo-Antropologia-azul.png 1024w\" sizes=\"(max-width: 1000px) 100vw, 1000px\" \/><\/a>\n\t\t\t<\/div><\/figure><figure class='gallery-item'>\n\t\t\t<div class='gallery-icon portrait'>\n\t\t\t\t<a href='https:\/\/cmbsas-caba.infd.edu.ar\/sitio\/extension\/jornadas\/2-jornadas-de-musica-y-genero\/logocuda\/#main'><img width=\"554\" height=\"566\" src=\"https:\/\/cmbsas-caba.infd.edu.ar\/sitio\/wp-content\/uploads\/2020\/08\/LogoCUDA.jpg\" class=\"attachment-medium size-medium\" alt=\"\" decoding=\"async\" loading=\"lazy\" \/><\/a>\n\t\t\t<\/div><\/figure><figure class='gallery-item'>\n\t\t\t<div class='gallery-icon landscape'>\n\t\t\t\t<a href='https:\/\/cmbsas-caba.infd.edu.ar\/sitio\/extension\/jornadas\/2-jornadas-de-musica-y-genero\/logos-fundecua-transparente-nuevo-sin-web-3\/#main'><img width=\"1000\" height=\"339\" src=\"https:\/\/cmbsas-caba.infd.edu.ar\/sitio\/wp-content\/uploads\/2020\/08\/Logos-fundecua-TRANSPARENTE-NUEVO-sin-web-3-1000x339.png\" class=\"attachment-medium size-medium\" alt=\"\" decoding=\"async\" loading=\"lazy\" srcset=\"https:\/\/cmbsas-caba.infd.edu.ar\/sitio\/wp-content\/uploads\/2020\/08\/Logos-fundecua-TRANSPARENTE-NUEVO-sin-web-3-1000x339.png 1000w, https:\/\/cmbsas-caba.infd.edu.ar\/sitio\/wp-content\/uploads\/2020\/08\/Logos-fundecua-TRANSPARENTE-NUEVO-sin-web-3-768x260.png 768w, https:\/\/cmbsas-caba.infd.edu.ar\/sitio\/wp-content\/uploads\/2020\/08\/Logos-fundecua-TRANSPARENTE-NUEVO-sin-web-3.png 1375w\" sizes=\"(max-width: 1000px) 100vw, 1000px\" \/><\/a>\n\t\t\t<\/div><\/figure><figure class='gallery-item'>\n\t\t\t<div class='gallery-icon landscape'>\n\t\t\t\t<a href='https:\/\/cmbsas-caba.infd.edu.ar\/sitio\/extension\/jornadas\/2-jornadas-de-musica-y-genero\/redmultisonora\/#main'><img width=\"1000\" height=\"1000\" src=\"https:\/\/cmbsas-caba.infd.edu.ar\/sitio\/wp-content\/uploads\/2020\/08\/redmultisonora-1000x1000.jpg\" class=\"attachment-medium size-medium\" alt=\"\" decoding=\"async\" loading=\"lazy\" srcset=\"https:\/\/cmbsas-caba.infd.edu.ar\/sitio\/wp-content\/uploads\/2020\/08\/redmultisonora-1000x1000.jpg 1000w, https:\/\/cmbsas-caba.infd.edu.ar\/sitio\/wp-content\/uploads\/2020\/08\/redmultisonora-500x500.jpg 500w, https:\/\/cmbsas-caba.infd.edu.ar\/sitio\/wp-content\/uploads\/2020\/08\/redmultisonora-768x768.jpg 768w, https:\/\/cmbsas-caba.infd.edu.ar\/sitio\/wp-content\/uploads\/2020\/08\/redmultisonora.jpg 1280w\" sizes=\"(max-width: 1000px) 100vw, 1000px\" \/><\/a>\n\t\t\t<\/div><\/figure><figure class='gallery-item'>\n\t\t\t<div class='gallery-icon landscape'>\n\t\t\t\t<a href='https:\/\/cmbsas-caba.infd.edu.ar\/sitio\/extension\/jornadas\/2-jornadas-de-musica-y-genero\/una\/#main'><img width=\"404\" height=\"125\" src=\"https:\/\/cmbsas-caba.infd.edu.ar\/sitio\/wp-content\/uploads\/2020\/08\/UNA.png\" class=\"attachment-medium size-medium\" alt=\"\" decoding=\"async\" loading=\"lazy\" \/><\/a>\n\t\t\t<\/div><\/figure>\n\t\t<\/div>\n\n","protected":false},"excerpt":{"rendered":"<p>\u201cAvances y desaf\u00edos en el campo profesional \u201c El Ministerio de Cultura, junto al Conservatorio Superior de M\u00fasica de la Ciudad de Buenos Aires&nbsp; \u00c1stor Piazzolla de la Direcci\u00f3n General de Ense\u00f1anza Art\u00edstica, presentan las II Jornadas de M\u00fasica y G\u00e9nero bajo el lema \u201cAvances y Desaf\u00edos en el Campo Profesional\u201d. Las Jornadas tienen&nbsp; como &#8230; <a title=\"2\u00ba Jornadas de M\u00fasica y G\u00e9nero\" class=\"read-more\" href=\"https:\/\/cmbsas-caba.infd.edu.ar\/sitio\/extension\/jornadas\/2-jornadas-de-musica-y-genero\/\" aria-label=\"More on 2\u00ba Jornadas de M\u00fasica y G\u00e9nero\">[+]<\/a><\/p>\n","protected":false},"author":309,"featured_media":0,"parent":1799,"menu_order":0,"comment_status":"closed","ping_status":"closed","template":"","meta":[],"acf":[],"_links":{"self":[{"href":"https:\/\/cmbsas-caba.infd.edu.ar\/sitio\/wp-json\/wp\/v2\/pages\/2075"}],"collection":[{"href":"https:\/\/cmbsas-caba.infd.edu.ar\/sitio\/wp-json\/wp\/v2\/pages"}],"about":[{"href":"https:\/\/cmbsas-caba.infd.edu.ar\/sitio\/wp-json\/wp\/v2\/types\/page"}],"author":[{"embeddable":true,"href":"https:\/\/cmbsas-caba.infd.edu.ar\/sitio\/wp-json\/wp\/v2\/users\/309"}],"replies":[{"embeddable":true,"href":"https:\/\/cmbsas-caba.infd.edu.ar\/sitio\/wp-json\/wp\/v2\/comments?post=2075"}],"version-history":[{"count":13,"href":"https:\/\/cmbsas-caba.infd.edu.ar\/sitio\/wp-json\/wp\/v2\/pages\/2075\/revisions"}],"predecessor-version":[{"id":4946,"href":"https:\/\/cmbsas-caba.infd.edu.ar\/sitio\/wp-json\/wp\/v2\/pages\/2075\/revisions\/4946"}],"up":[{"embeddable":true,"href":"https:\/\/cmbsas-caba.infd.edu.ar\/sitio\/wp-json\/wp\/v2\/pages\/1799"}],"wp:attachment":[{"href":"https:\/\/cmbsas-caba.infd.edu.ar\/sitio\/wp-json\/wp\/v2\/media?parent=2075"}],"curies":[{"name":"wp","href":"https:\/\/api.w.org\/{rel}","templated":true}]}}